{"id":288,"date":"2020-05-25T19:52:37","date_gmt":"2020-05-25T17:52:37","guid":{"rendered":"https:\/\/www.albergotoscana.net\/?page_id=288"},"modified":"2025-02-11T11:33:39","modified_gmt":"2025-02-11T09:33:39","slug":"acquapendente","status":"publish","type":"page","link":"https:\/\/www.albergotoscana.net\/fr\/territorio\/acquapendente\/","title":{"rendered":"Acquapendente"},"content":{"rendered":"<div data-elementor-type=\"wp-page\" data-elementor-id=\"288\" class=\"elementor elementor-288\" data-elementor-post-type=\"page\">\n\t\t\t\t\t\t<section data-particle_enable=\"false\" data-particle-mobile-disabled=\"false\" class=\"elementor-section elementor-top-section elementor-element elementor-element-647f675 elementor-section-height-min-height elementor-section-boxed elementor-section-height-default elementor-section-items-middle\" data-id=\"647f675\" data-element_type=\"section\" data-settings=\"{&quot;background_background&quot;:&quot;classic&quot;,&quot;shape_divider_bottom&quot;:&quot;opacity-tilt&quot;,&quot;_ha_eqh_enable&quot;:false}\">\n\t\t\t\t\t\t\t<div class=\"elementor-background-overlay\"><\/div>\n\t\t\t\t\t\t<div class=\"elementor-shape elementor-shape-bottom\" data-negative=\"false\">\n\t\t\t<svg xmlns=\"http:\/\/www.w3.org\/2000\/svg\" viewbox=\"0 0 2600 131.1\" preserveaspectratio=\"none\">\n\t<path class=\"elementor-shape-fill\" d=\"M0 0L2600 0 2600 69.1 0 0z\"\/>\n\t<path class=\"elementor-shape-fill\" style=\"opacity:0.5\" d=\"M0 0L2600 0 2600 69.1 0 69.1z\"\/>\n\t<path class=\"elementor-shape-fill\" style=\"opacity:0.25\" d=\"M2600 0L0 0 0 130.1 2600 69.1z\"\/>\n<\/svg>\t\t<\/div>\n\t\t\t\t\t<div class=\"elementor-container elementor-column-gap-default\">\n\t\t\t\t\t<div class=\"elementor-column elementor-col-100 elementor-top-column elementor-element elementor-element-deee781\" data-id=\"deee781\" data-element_type=\"column\">\n\t\t\t<div class=\"elementor-widget-wrap elementor-element-populated\">\n\t\t\t\t\t\t<div class=\"elementor-element elementor-element-f6b8456 elementor-headline--style-highlight elementor-invisible elementor-widget elementor-widget-animated-headline\" data-id=\"f6b8456\" data-element_type=\"widget\" data-settings=\"{&quot;marker&quot;:&quot;underline&quot;,&quot;highlighted_text&quot;:&quot;Acquapendente&quot;,&quot;_animation&quot;:&quot;fadeInRight&quot;,&quot;headline_style&quot;:&quot;highlight&quot;,&quot;loop&quot;:&quot;yes&quot;,&quot;highlight_animation_duration&quot;:1200,&quot;highlight_iteration_delay&quot;:8000}\" data-widget_type=\"animated-headline.default\">\n\t\t\t\t<div class=\"elementor-widget-container\">\n\t\t\t\t\t<h1 class=\"elementor-headline\">\n\t\t\t\t<span class=\"elementor-headline-dynamic-wrapper elementor-headline-text-wrapper\">\n\t\t\t\t\t<span class=\"elementor-headline-dynamic-text elementor-headline-text-active\">Acquapendente<\/span>\n\t\t\t\t<\/span>\n\t\t\t\t<\/h1>\n\t\t\t\t<\/div>\n\t\t\t\t<\/div>\n\t\t\t\t\t<\/div>\n\t\t<\/div>\n\t\t\t\t\t<\/div>\n\t\t<\/section>\n\t\t\t\t<section data-particle_enable=\"false\" data-particle-mobile-disabled=\"false\" class=\"elementor-section elementor-top-section elementor-element elementor-element-06fcf3b elementor-section-boxed elementor-section-height-default elementor-section-height-default\" data-id=\"06fcf3b\" data-element_type=\"section\" data-settings=\"{&quot;_ha_eqh_enable&quot;:false}\">\n\t\t\t\t\t\t<div class=\"elementor-container elementor-column-gap-default\">\n\t\t\t\t\t<div class=\"elementor-column elementor-col-100 elementor-top-column elementor-element elementor-element-6068b60\" data-id=\"6068b60\" data-element_type=\"column\">\n\t\t\t<div class=\"elementor-widget-wrap elementor-element-populated\">\n\t\t\t\t\t\t<div class=\"elementor-element elementor-element-8eaee26 elementor-widget elementor-widget-text-editor\" data-id=\"8eaee26\" data-element_type=\"widget\" data-widget_type=\"text-editor.default\">\n\t\t\t\t<div class=\"elementor-widget-container\">\n\t\t\t\t\t\t\t<div class=\"et_pb_column et_pb_column_1_2 et_pb_column_7 et_pb_css_mix_blend_mode_passthrough\">\n<div class=\"et_pb_module et_pb_text et_pb_text_1 et_pb_text_align_left et_pb_bg_layout_light\">\n<div class=\"et_pb_text_inner\">\n<p><strong>Acquapendente<\/strong> non \u00e8 una tappa qualsiasi sull\u2019antica Via Francigena, ma un luogo di devozione, una meta spirituale.&nbsp;<span style=\"font-size: 15px;\">Nella cripta romanica del Duomo c\u2019\u00e8 il <\/span><strong style=\"font-size: 15px;\">Sacello del Santo Sepolcro<\/strong><span style=\"font-size: 15px;\">, che fin dall\u2019alto medioevo ha conservato le reliquie delle pietre macchiate con il sangue di Cristo. Si dice che questa antica&nbsp; costruzione riproduca il <\/span><strong style=\"font-size: 15px;\">Santo Sepolcro di Gerusalemme<\/strong><span style=\"font-size: 15px;\">, nel quale fu deposto Ges\u00f9 prima della Resurrezione.<\/span><\/p>\n<\/div>\n<\/div>\n<\/div>\n<div class=\"et_pb_column et_pb_column_1_2 et_pb_column_8 et_pb_css_mix_blend_mode_passthrough et-last-child\">\n<div class=\"et_pb_module et_pb_text et_pb_text_2 et_pb_text_align_left et_pb_bg_layout_light\">\n<div class=\"et_pb_text_inner\">\n<p><strong>Acquapendente<\/strong> \u00e8 anche un luogo di <strong>boschi incantati<\/strong>, di acque limpide che scorrono, di altri itinerari da percorrere alla scoperta di una ricca biodiversit\u00e0 e di paesaggi sorprendenti.&nbsp;Per questo \u00e8 la <strong>Gerusalemme Verde<\/strong>: un territorio dell\u2019anima, un viaggio interiore, un posto dove ritrovarsi, una pausa rigenerante lungo il cammino della vita.<\/p>\n<\/div>\n<\/div>\n<\/div>\t\t\t\t\t\t<\/div>\n\t\t\t\t<\/div>\n\t\t\t\t\t<\/div>\n\t\t<\/div>\n\t\t\t\t\t<\/div>\n\t\t<\/section>\n\t\t\t\t<section data-particle_enable=\"false\" data-particle-mobile-disabled=\"false\" class=\"elementor-section elementor-top-section elementor-element elementor-element-0c6e2b4 elementor-section-boxed elementor-section-height-default elementor-section-height-default\" data-id=\"0c6e2b4\" data-element_type=\"section\" data-settings=\"{&quot;_ha_eqh_enable&quot;:false}\">\n\t\t\t\t\t\t<div class=\"elementor-container elementor-column-gap-default\">\n\t\t\t\t\t<div class=\"elementor-column elementor-col-100 elementor-top-column elementor-element elementor-element-01624f4\" data-id=\"01624f4\" data-element_type=\"column\">\n\t\t\t<div class=\"elementor-widget-wrap elementor-element-populated\">\n\t\t\t\t\t\t<div class=\"elementor-element elementor-element-ed294fc elementor-widget elementor-widget-heading\" data-id=\"ed294fc\" data-element_type=\"widget\" data-widget_type=\"heading.default\">\n\t\t\t\t<div class=\"elementor-widget-container\">\n\t\t\t<h2 class=\"elementor-heading-title elementor-size-default\">Alla scoperta di Acquapendente insieme a noi<\/h2>\t\t<\/div>\n\t\t\t\t<\/div>\n\t\t\t\t<div class=\"elementor-element elementor-element-785d52b ha-arrow-sync-no elementor-widget elementor-widget-ha-team-carousel happy-addon ha-team-carousel happy-addon-pro\" data-id=\"785d52b\" data-element_type=\"widget\" data-settings=\"{&quot;navigation&quot;:&quot;dots&quot;,&quot;slides_to_show&quot;:&quot;3&quot;,&quot;slides_to_show_tablet&quot;:&quot;2&quot;,&quot;slides_to_show_mobile&quot;:&quot;1&quot;,&quot;animation_speed&quot;:800,&quot;autoplay&quot;:&quot;yes&quot;,&quot;autoplay_speed&quot;:2000,&quot;loop&quot;:&quot;yes&quot;}\" data-widget_type=\"ha-team-carousel.default\">\n\t\t\t\t<div class=\"elementor-widget-container\">\n\t\t\t\n        <div data-ha_rcc_uid=\"\" class=\"ha-team-carousel-wrap\">\n                            <div class=\"ha-slick-slide slick-slide\">\n                    <div class=\"ha-team-carousel-item\">\n\n                                                    <figure class=\"ha-member-figure\">\n                                <img decoding=\"async\" src=\"https:\/\/www.albergotoscana.net\/wp-content\/uploads\/2020\/05\/Museo-della-Citt\u00e0-300x219.jpg\" alt=\"Museo Della Citt\u00e0\">\n                            <\/figure>\n                        \n                        <div class=\"ha-member-body\">\n                            <h3 class=\"ha-member-name\">Museo Della Citt\u00e0<\/h3>\n                                                            <div class=\"ha-member-position\">\n                                    via Roma, 85                                <\/div>\n                            \n                                                            <div class=\"ha-member-bio\">\n                                    <p>Il museo della citt\u00e0 \u00e8 articolato in 3 sedi espositive (Torre Julia de Jacopo \u2022 Palazzo Vescovile \u2022 Chiostro di San Francesco) dislocate lungo l'attraversamento urbano della via Francigena.<\/p>\n                                <\/div>\n                            \n\t\t\t\t\t\t\t\t\t\t\t\t\t\t\t<div class=\"ha-member-links\">\n\t\t\t\t\t\t\t\t\t<a href=\"http:\/\/laperegina.it\/museo-della-citta-di-acquapendente\/\" class=\"ha-link\"><i class=\"fa fa-globe\"><\/i><\/a>\t\t\t\t\t\t\t\t<\/div>\n\t\t\t\t\t\t\t\n                        <\/div>\n                    <\/div>\n                <\/div>\n                                <div class=\"ha-slick-slide slick-slide\">\n                    <div class=\"ha-team-carousel-item\">\n\n                                                    <figure class=\"ha-member-figure\">\n                                <img decoding=\"async\" src=\"https:\/\/www.albergotoscana.net\/wp-content\/uploads\/2020\/05\/Santo-Sepolcro-300x219.jpg\" alt=\"Santo Sepolcro\">\n                            <\/figure>\n                        \n                        <div class=\"ha-member-body\">\n                            <h3 class=\"ha-member-name\">Santo Sepolcro<\/h3>\n                                                            <div class=\"ha-member-position\">\n                                    Piazza del Duomo                                <\/div>\n                            \n                                                            <div class=\"ha-member-bio\">\n                                    <p>La cattedrale \u00e8 dedicata al Santo Sepolcro perch\u00e9 vi \u00e8 conservata una pietra macchiata di sangue che secondo la tradizione proveniente dal Santo Sepolcro di Gerusalemme.<\/p>\n                                <\/div>\n                            \n\t\t\t\t\t\t\t\t\t\t\t\t\t\t\t<div class=\"ha-member-links\">\n\t\t\t\t\t\t\t\t\t<a href=\"https:\/\/www.prolocoacquapendente.it\/acquapendente\/basilica-del-santo-sepolcro\/\" class=\"ha-link\"><i class=\"fa fa-globe\"><\/i><\/a>\t\t\t\t\t\t\t\t<\/div>\n\t\t\t\t\t\t\t\n                        <\/div>\n                    <\/div>\n                <\/div>\n                                <div class=\"ha-slick-slide slick-slide\">\n                    <div class=\"ha-team-carousel-item\">\n\n                                                    <figure class=\"ha-member-figure\">\n                                <img decoding=\"async\" src=\"https:\/\/www.albergotoscana.net\/wp-content\/uploads\/2020\/05\/Teatro-Boni-300x219.jpg\" alt=\"Teatro Boni\">\n                            <\/figure>\n                        \n                        <div class=\"ha-member-body\">\n                            <h3 class=\"ha-member-name\">Teatro Boni<\/h3>\n                                                            <div class=\"ha-member-position\">\n                                    piazza della Costituente, 9                                <\/div>\n                            \n                                                            <div class=\"ha-member-bio\">\n                                    <p>\u00c8 un teatro classico all'italiana, che oggi ospita 250 posti a sedere divisi fra platea e 3 ordini di palchetti e che ad oggi rappresenta una tradizione antica e ben presente nella vita della comunit\u00e0.<\/p>\n                                <\/div>\n                            \n\t\t\t\t\t\t\t\t\t\t\t\t\t\t\t<div class=\"ha-member-links\">\n\t\t\t\t\t\t\t\t\t<a href=\"http:\/\/www.teatroboni.it\/\" class=\"ha-link\"><i class=\"fa fa-globe\"><\/i><\/a>\t\t\t\t\t\t\t\t<\/div>\n\t\t\t\t\t\t\t\n                        <\/div>\n                    <\/div>\n                <\/div>\n                                <div class=\"ha-slick-slide slick-slide\">\n                    <div class=\"ha-team-carousel-item\">\n\n                                                    <figure class=\"ha-member-figure\">\n                                <img decoding=\"async\" src=\"https:\/\/www.albergotoscana.net\/wp-content\/uploads\/2020\/05\/Torre-del-Barbarossa-300x219.jpg\" alt=\"Torre del Barbarossa\">\n                            <\/figure>\n                        \n                        <div class=\"ha-member-body\">\n                            <h3 class=\"ha-member-name\">Torre del Barbarossa<\/h3>\n                                                            <div class=\"ha-member-position\">\n                                    via Capannello                                <\/div>\n                            \n                                                            <div class=\"ha-member-bio\">\n                                    <p>Vuole la tradizione che sia l\u2019ultima vestigia dell\u2019antico castello di Federico I Barbarossa in cui risiedeva il suo governatore, scaricato dalla popolazione in seguito alla ribellione del 1166. <\/p>\n                                <\/div>\n                            \n\t\t\t\t\t\t\t\t\t\t\t\t\t\t\t<div class=\"ha-member-links\">\n\t\t\t\t\t\t\t\t\t<a href=\"https:\/\/www.prolocoacquapendente.it\/acquapendente\/torre-del-barbarossa\/\" class=\"ha-link\"><i class=\"fa fa-globe\"><\/i><\/a>\t\t\t\t\t\t\t\t<\/div>\n\t\t\t\t\t\t\t\n                        <\/div>\n                    <\/div>\n                <\/div>\n                                <div class=\"ha-slick-slide slick-slide\">\n                    <div class=\"ha-team-carousel-item\">\n\n                                                    <figure class=\"ha-member-figure\">\n                                <img decoding=\"async\" src=\"https:\/\/www.albergotoscana.net\/wp-content\/uploads\/2020\/05\/Chiesa-San-Francesco-300x219.jpg\" alt=\"Le Chiese\">\n                            <\/figure>\n                        \n                        <div class=\"ha-member-body\">\n                            <h3 class=\"ha-member-name\">Le Chiese<\/h3>\n                                                            <div class=\"ha-member-position\">\n                                    in tutta la citt\u00e0                                <\/div>\n                            \n                                                            <div class=\"ha-member-bio\">\n                                    <p>Oltre alla Cattedrale del Santo Sepolcro, il centro di Acquapendente conta di altre 8 chiese alcune delle quali risalenti al XII secolo.<\/p>\n                                <\/div>\n                            \n\t\t\t\t\t\t\t\t\t\t\t\t\t\t\t<div class=\"ha-member-links\">\n\t\t\t\t\t\t\t\t\t<a href=\"https:\/\/www.prolocoacquapendente.it\/acquapendente\/le-chiese\/\" class=\"ha-link\"><i class=\"fa fa-globe\"><\/i><\/a>\t\t\t\t\t\t\t\t<\/div>\n\t\t\t\t\t\t\t\n                        <\/div>\n                    <\/div>\n                <\/div>\n                                <div class=\"ha-slick-slide slick-slide\">\n                    <div class=\"ha-team-carousel-item\">\n\n                                                    <figure class=\"ha-member-figure\">\n                                <img decoding=\"async\" src=\"https:\/\/www.albergotoscana.net\/wp-content\/uploads\/2020\/05\/Murales-300x219.jpg\" alt=\"Murales\">\n                            <\/figure>\n                        \n                        <div class=\"ha-member-body\">\n                            <h3 class=\"ha-member-name\">Murales<\/h3>\n                                                            <div class=\"ha-member-position\">\n                                    in tutta la citt\u00e0                                <\/div>\n                            \n                                                            <div class=\"ha-member-bio\">\n                                    <p>L'Urban Vision Festival ha portato alla realizzazione in tutta Acquapendente di tantissimi murales realizzati da artisti nazionali ed internazionali<\/p>\n                                <\/div>\n                            \n\t\t\t\t\t\t\t\t\t\t\t\t\t\t\t<div class=\"ha-member-links\">\n\t\t\t\t\t\t\t\t\t<a href=\"https:\/\/www.prolocoacquapendente.it\/acquapendente\/murales\/\" class=\"ha-link\"><i class=\"fa fa-globe\"><\/i><\/a>\t\t\t\t\t\t\t\t<\/div>\n\t\t\t\t\t\t\t\n                        <\/div>\n                    <\/div>\n                <\/div>\n                                <div class=\"ha-slick-slide slick-slide\">\n                    <div class=\"ha-team-carousel-item\">\n\n                                                    <figure class=\"ha-member-figure\">\n                                <img decoding=\"async\" src=\"https:\/\/www.albergotoscana.net\/wp-content\/uploads\/2020\/05\/Anfiteatro-Cordeschi-300x219.jpg\" alt=\"Anfiteatro Cordeschi\">\n                            <\/figure>\n                        \n                        <div class=\"ha-member-body\">\n                            <h3 class=\"ha-member-name\">Anfiteatro Cordeschi<\/h3>\n                                                            <div class=\"ha-member-position\">\n                                    via Onanese, 3                                <\/div>\n                            \n                                                            <div class=\"ha-member-bio\">\n                                    <p>La struttura \u00e8 estremamente caratteristica e ricorda, per forma e dimensioni, alcuni dei pi\u00f9 famosi Teatri Elisabettiani, quali il \u201cCorral\u201d in Spagna e il \u201cThe Globe\u201d a Londra. <\/p>\n                                <\/div>\n                            \n\t\t\t\t\t\t\t\t\t\t\t\t\t\t\t<div class=\"ha-member-links\">\n\t\t\t\t\t\t\t\t\t<a href=\"http:\/\/www.teatroboni.it\/anfiteatro-cordeschi\/\" class=\"ha-link\"><i class=\"fa fa-globe\"><\/i><\/a>\t\t\t\t\t\t\t\t<\/div>\n\t\t\t\t\t\t\t\n                        <\/div>\n                    <\/div>\n                <\/div>\n                                <div class=\"ha-slick-slide slick-slide\">\n                    <div class=\"ha-team-carousel-item\">\n\n                                                    <figure class=\"ha-member-figure\">\n                                <img decoding=\"async\" src=\"https:\/\/www.albergotoscana.net\/wp-content\/uploads\/2020\/05\/Girolamo-Fabrizio-300x219.jpg\" alt=\"Girolamo Fabrizio\">\n                            <\/figure>\n                        \n                        <div class=\"ha-member-body\">\n                            <h3 class=\"ha-member-name\">Girolamo Fabrizio<\/h3>\n                                                            <div class=\"ha-member-position\">\n                                    Piazza G. Fabrizio                                <\/div>\n                            \n                                                            <div class=\"ha-member-bio\">\n                                    <p>Fu un anatomista, chirurgo e fisiologo italiano. Nato ad Acquapendente, \u00e8 divenuto famoso in tutto il mondo per la sua attivit\u00e0 ed i suoi studi di medicina.<\/p>\n                                <\/div>\n                            \n\t\t\t\t\t\t\t\t\t\t\t\t\t\t\t<div class=\"ha-member-links\">\n\t\t\t\t\t\t\t\t\t<a href=\"http:\/\/www.graphisphaera.it\/fabrici\/\" class=\"ha-link\"><i class=\"fa fa-globe\"><\/i><\/a>\t\t\t\t\t\t\t\t<\/div>\n\t\t\t\t\t\t\t\n                        <\/div>\n                    <\/div>\n                <\/div>\n                        <\/div>\n        \t\t<\/div>\n\t\t\t\t<\/div>\n\t\t\t\t\t<\/div>\n\t\t<\/div>\n\t\t\t\t\t<\/div>\n\t\t<\/section>\n\t\t\t\t<section data-particle_enable=\"false\" data-particle-mobile-disabled=\"false\" class=\"elementor-section elementor-top-section elementor-element elementor-element-b3a6fc3 elementor-section-full_width elementor-section-height-default elementor-section-height-default\" data-id=\"b3a6fc3\" data-element_type=\"section\" data-settings=\"{&quot;background_background&quot;:&quot;classic&quot;,&quot;_ha_eqh_enable&quot;:false}\">\n\t\t\t\t\t\t\t<div class=\"elementor-background-overlay\"><\/div>\n\t\t\t\t\t\t\t<div class=\"elementor-container elementor-column-gap-default\">\n\t\t\t\t\t<div class=\"elementor-column elementor-col-100 elementor-top-column elementor-element elementor-element-97628d3\" data-id=\"97628d3\" data-element_type=\"column\">\n\t\t\t<div class=\"elementor-widget-wrap elementor-element-populated\">\n\t\t\t\t\t\t<div class=\"elementor-element elementor-element-4421c75 elementor-widget elementor-widget-heading\" data-id=\"4421c75\" data-element_type=\"widget\" data-widget_type=\"heading.default\">\n\t\t\t\t<div class=\"elementor-widget-container\">\n\t\t\t<h2 class=\"elementor-heading-title elementor-size-default\">Eventi ad Acquapendente<\/h2>\t\t<\/div>\n\t\t\t\t<\/div>\n\t\t\t\t\t<\/div>\n\t\t<\/div>\n\t\t\t\t\t<\/div>\n\t\t<\/section>\n\t\t\t\t<section data-particle_enable=\"false\" data-particle-mobile-disabled=\"false\" class=\"elementor-section elementor-top-section elementor-element elementor-element-3ebe125 elementor-section-boxed elementor-section-height-default elementor-section-height-default\" data-id=\"3ebe125\" data-element_type=\"section\" data-settings=\"{&quot;_ha_eqh_enable&quot;:false}\">\n\t\t\t\t\t\t<div class=\"elementor-container elementor-column-gap-default\">\n\t\t\t\t\t<div class=\"elementor-column elementor-col-100 elementor-top-column elementor-element elementor-element-40dcb46\" data-id=\"40dcb46\" data-element_type=\"column\">\n\t\t\t<div class=\"elementor-widget-wrap elementor-element-populated\">\n\t\t\t\t\t\t<section data-particle_enable=\"false\" data-particle-mobile-disabled=\"false\" class=\"elementor-section elementor-inner-section elementor-element elementor-element-0450149 elementor-section-boxed elementor-section-height-default elementor-section-height-default\" data-id=\"0450149\" data-element_type=\"section\" data-settings=\"{&quot;_ha_eqh_enable&quot;:false}\">\n\t\t\t\t\t\t<div class=\"elementor-container elementor-column-gap-default\">\n\t\t\t\t\t<div class=\"elementor-column elementor-col-50 elementor-inner-column elementor-element elementor-element-55f5af4\" data-id=\"55f5af4\" data-element_type=\"column\">\n\t\t\t<div class=\"elementor-widget-wrap elementor-element-populated\">\n\t\t\t\t\t\t<div class=\"elementor-element elementor-element-d8ae6d5 elementor-widget elementor-widget-heading\" data-id=\"d8ae6d5\" data-element_type=\"widget\" data-widget_type=\"heading.default\">\n\t\t\t\t<div class=\"elementor-widget-container\">\n\t\t\t<h3 class=\"elementor-heading-title elementor-size-default\"><a href=\"https:\/\/www.prolocoacquapendente.it\/pugnalonidiacquapendente\" target=\"_blank\">Festa dei Pugnaloni<\/a><\/h3>\t\t<\/div>\n\t\t\t\t<\/div>\n\t\t\t\t\t<\/div>\n\t\t<\/div>\n\t\t\t\t<div class=\"elementor-column elementor-col-50 elementor-inner-column elementor-element elementor-element-a3f2a41\" data-id=\"a3f2a41\" data-element_type=\"column\">\n\t\t\t<div class=\"elementor-widget-wrap elementor-element-populated\">\n\t\t\t\t\t\t<div class=\"elementor-element elementor-element-5cec37f elementor-widget elementor-widget-heading\" data-id=\"5cec37f\" data-element_type=\"widget\" data-widget_type=\"heading.default\">\n\t\t\t\t<div class=\"elementor-widget-container\">\n\t\t\t<span class=\"elementor-heading-title elementor-size-default\">Terza domenica di Maggio<\/span>\t\t<\/div>\n\t\t\t\t<\/div>\n\t\t\t\t\t<\/div>\n\t\t<\/div>\n\t\t\t\t\t<\/div>\n\t\t<\/section>\n\t\t\t\t<div class=\"elementor-element elementor-element-3cb0335 elementor-widget elementor-widget-text-editor\" data-id=\"3cb0335\" data-element_type=\"widget\" data-widget_type=\"text-editor.default\">\n\t\t\t\t<div class=\"elementor-widget-container\">\n\t\t\t\t\t\t\t<p>\u00c8 una delle pi\u00f9 antiche celebrazioni folcloristiche della Tuscia e in origine era anche chiamata <i>festa di Mezzomaggio<\/i>. Si svolge per celebrare la Festa della <i>Madonna del Fiore<\/i> e raccoglie diversi eventi, tra cui fiere e mercati: il cuore della festa \u00e8 rappresentato dai Pugnaloni.<\/p><p>I pugnaloni di Acquapendente sono una festa unica al mondo: mosaici realizzati con fiori e foglie, composti su pannelli in legno di 2,6 per 3,6 metri. Le foglie vengono tagliate ad arte ed incollate sul pannello disegnato, in modo da colorare il fondo l&#8217;opera; su di esse vengono poi applicati i fiori, disposti la notte prima della sfilata.<\/p><p>La festa ha il suo culmine durante la terza domenica di maggio ma durante le settimane precedenti \u00e8 possibile visitare i laboratori dei 15 gruppi intenti nella realizzazione di queste grandi tavole. Soprattutto durante la &#8220;Notte Bianca&#8221;, ovvero il terzo sabato di Maggio, dove ogni laboratorio \u00e8 nel pieno della realizzazione finale in un momento di festa con canti, musica e buon vino per tutti.<\/p>\t\t\t\t\t\t<\/div>\n\t\t\t\t<\/div>\n\t\t\t\t\t<\/div>\n\t\t<\/div>\n\t\t\t\t\t<\/div>\n\t\t<\/section>\n\t\t\t\t<section data-particle_enable=\"false\" data-particle-mobile-disabled=\"false\" class=\"elementor-section elementor-top-section elementor-element elementor-element-7978368 elementor-section-boxed elementor-section-height-default elementor-section-height-default\" data-id=\"7978368\" data-element_type=\"section\" data-settings=\"{&quot;_ha_eqh_enable&quot;:false}\">\n\t\t\t\t\t\t<div class=\"elementor-container elementor-column-gap-default\">\n\t\t\t\t\t<div class=\"elementor-column elementor-col-100 elementor-top-column elementor-element elementor-element-194863b\" data-id=\"194863b\" data-element_type=\"column\">\n\t\t\t<div class=\"elementor-widget-wrap elementor-element-populated\">\n\t\t\t\t\t\t<section data-particle_enable=\"false\" data-particle-mobile-disabled=\"false\" class=\"elementor-section elementor-inner-section elementor-element elementor-element-e17acaf elementor-section-boxed elementor-section-height-default elementor-section-height-default\" data-id=\"e17acaf\" data-element_type=\"section\" data-settings=\"{&quot;_ha_eqh_enable&quot;:false}\">\n\t\t\t\t\t\t<div class=\"elementor-container elementor-column-gap-default\">\n\t\t\t\t\t<div class=\"elementor-column elementor-col-50 elementor-inner-column elementor-element elementor-element-b445948\" data-id=\"b445948\" data-element_type=\"column\">\n\t\t\t<div class=\"elementor-widget-wrap elementor-element-populated\">\n\t\t\t\t\t\t<div class=\"elementor-element elementor-element-624e96f elementor-widget elementor-widget-heading\" data-id=\"624e96f\" data-element_type=\"widget\" data-widget_type=\"heading.default\">\n\t\t\t\t<div class=\"elementor-widget-container\">\n\t\t\t<h3 class=\"elementor-heading-title elementor-size-default\"><a href=\"https:\/\/www.prolocoacquapendente.it\/carnevaleaquesiano\" target=\"_blank\">Carnevale Aquesiano<\/a><\/h3>\t\t<\/div>\n\t\t\t\t<\/div>\n\t\t\t\t\t<\/div>\n\t\t<\/div>\n\t\t\t\t<div class=\"elementor-column elementor-col-50 elementor-inner-column elementor-element elementor-element-f1b97a3\" data-id=\"f1b97a3\" data-element_type=\"column\">\n\t\t\t<div class=\"elementor-widget-wrap elementor-element-populated\">\n\t\t\t\t\t\t<div class=\"elementor-element elementor-element-b25eedf elementor-widget elementor-widget-heading\" data-id=\"b25eedf\" data-element_type=\"widget\" data-widget_type=\"heading.default\">\n\t\t\t\t<div class=\"elementor-widget-container\">\n\t\t\t<span class=\"elementor-heading-title elementor-size-default\">Febbraio - Marzo<\/span>\t\t<\/div>\n\t\t\t\t<\/div>\n\t\t\t\t\t<\/div>\n\t\t<\/div>\n\t\t\t\t\t<\/div>\n\t\t<\/section>\n\t\t\t\t<div class=\"elementor-element elementor-element-86d037a elementor-widget elementor-widget-text-editor\" data-id=\"86d037a\" data-element_type=\"widget\" data-widget_type=\"text-editor.default\">\n\t\t\t\t<div class=\"elementor-widget-container\">\n\t\t\t\t\t\t\t<p>Il paese si riunisce nella costruzione di diversi carri allegorici che sfilano per le vie del paese durante le due domeniche del periodo di Carnevale. Inoltre il giorno del marted\u00ec grasso, successivamente alla festa in piazza avviene<span style=\"font-size: 15px;\">\u00a0la caratteristica fiaccolata che porta tutti i cittadini fino alla piazza, dove viene dato fuoco al &#8220;Carnevalaccio&#8221;, una grande struttura in legno che lascia il suo testamento per l&#8217;anno successivo.<\/span><\/p>\t\t\t\t\t\t<\/div>\n\t\t\t\t<\/div>\n\t\t\t\t\t<\/div>\n\t\t<\/div>\n\t\t\t\t\t<\/div>\n\t\t<\/section>\n\t\t\t\t<section data-particle_enable=\"false\" data-particle-mobile-disabled=\"false\" class=\"elementor-section elementor-top-section elementor-element elementor-element-b7f0c50 elementor-section-boxed elementor-section-height-default elementor-section-height-default\" data-id=\"b7f0c50\" data-element_type=\"section\" data-settings=\"{&quot;_ha_eqh_enable&quot;:false}\">\n\t\t\t\t\t\t<div class=\"elementor-container elementor-column-gap-default\">\n\t\t\t\t\t<div class=\"elementor-column elementor-col-100 elementor-top-column elementor-element elementor-element-0370a86\" data-id=\"0370a86\" data-element_type=\"column\">\n\t\t\t<div class=\"elementor-widget-wrap elementor-element-populated\">\n\t\t\t\t\t\t<section data-particle_enable=\"false\" data-particle-mobile-disabled=\"false\" class=\"elementor-section elementor-inner-section elementor-element elementor-element-203c818 elementor-section-boxed elementor-section-height-default elementor-section-height-default\" data-id=\"203c818\" data-element_type=\"section\" data-settings=\"{&quot;_ha_eqh_enable&quot;:false}\">\n\t\t\t\t\t\t<div class=\"elementor-container elementor-column-gap-default\">\n\t\t\t\t\t<div class=\"elementor-column elementor-col-50 elementor-inner-column elementor-element elementor-element-6d3b911\" data-id=\"6d3b911\" data-element_type=\"column\">\n\t\t\t<div class=\"elementor-widget-wrap elementor-element-populated\">\n\t\t\t\t\t\t<div class=\"elementor-element elementor-element-4b3c1bb elementor-widget elementor-widget-heading\" data-id=\"4b3c1bb\" data-element_type=\"widget\" data-widget_type=\"heading.default\">\n\t\t\t\t<div class=\"elementor-widget-container\">\n\t\t\t<h3 class=\"elementor-heading-title elementor-size-default\"><a href=\"https:\/\/www.prolocoacquapendente.it\/carnevaleaquesiano\" target=\"_blank\">Sagra della Fregnaccia<\/a><\/h3>\t\t<\/div>\n\t\t\t\t<\/div>\n\t\t\t\t\t<\/div>\n\t\t<\/div>\n\t\t\t\t<div class=\"elementor-column elementor-col-50 elementor-inner-column elementor-element elementor-element-9ba62e7\" data-id=\"9ba62e7\" data-element_type=\"column\">\n\t\t\t<div class=\"elementor-widget-wrap elementor-element-populated\">\n\t\t\t\t\t\t<div class=\"elementor-element elementor-element-c2969b1 elementor-widget elementor-widget-heading\" data-id=\"c2969b1\" data-element_type=\"widget\" data-widget_type=\"heading.default\">\n\t\t\t\t<div class=\"elementor-widget-container\">\n\t\t\t<span class=\"elementor-heading-title elementor-size-default\">Febbraio - Marzo<\/span>\t\t<\/div>\n\t\t\t\t<\/div>\n\t\t\t\t\t<\/div>\n\t\t<\/div>\n\t\t\t\t\t<\/div>\n\t\t<\/section>\n\t\t\t\t<div class=\"elementor-element elementor-element-6faacc3 elementor-widget elementor-widget-text-editor\" data-id=\"6faacc3\" data-element_type=\"widget\" data-widget_type=\"text-editor.default\">\n\t\t\t\t<div class=\"elementor-widget-container\">\n\t\t\t\t\t\t\t<p>In concomitanza con il Carnevale Aquesiano si svolge anche la &#8221;Sagra della Fregnaccia&#8221; un piatto tipico della tradizione locale preparato con acqua, farina e strutto e condito con pecorino romano (versione salata) oppure zucchero o cioccolata (versione dolce).<\/p>\t\t\t\t\t\t<\/div>\n\t\t\t\t<\/div>\n\t\t\t\t\t<\/div>\n\t\t<\/div>\n\t\t\t\t\t<\/div>\n\t\t<\/section>\n\t\t\t\t<section data-particle_enable=\"false\" data-particle-mobile-disabled=\"false\" class=\"elementor-section elementor-top-section elementor-element elementor-element-ee7d8e0 elementor-section-boxed elementor-section-height-default elementor-section-height-default\" data-id=\"ee7d8e0\" data-element_type=\"section\" data-settings=\"{&quot;_ha_eqh_enable&quot;:false}\">\n\t\t\t\t\t\t<div class=\"elementor-container elementor-column-gap-default\">\n\t\t\t\t\t<div class=\"elementor-column elementor-col-100 elementor-top-column elementor-element elementor-element-1a2df1c\" data-id=\"1a2df1c\" data-element_type=\"column\">\n\t\t\t<div class=\"elementor-widget-wrap elementor-element-populated\">\n\t\t\t\t\t\t<section data-particle_enable=\"false\" data-particle-mobile-disabled=\"false\" class=\"elementor-section elementor-inner-section elementor-element elementor-element-a23273c elementor-section-boxed elementor-section-height-default elementor-section-height-default\" data-id=\"a23273c\" data-element_type=\"section\" data-settings=\"{&quot;_ha_eqh_enable&quot;:false}\">\n\t\t\t\t\t\t<div class=\"elementor-container elementor-column-gap-default\">\n\t\t\t\t\t<div class=\"elementor-column elementor-col-50 elementor-inner-column elementor-element elementor-element-cf3e7be\" data-id=\"cf3e7be\" data-element_type=\"column\">\n\t\t\t<div class=\"elementor-widget-wrap elementor-element-populated\">\n\t\t\t\t\t\t<div class=\"elementor-element elementor-element-463239a elementor-widget elementor-widget-heading\" data-id=\"463239a\" data-element_type=\"widget\" data-widget_type=\"heading.default\">\n\t\t\t\t<div class=\"elementor-widget-container\">\n\t\t\t<h3 class=\"elementor-heading-title elementor-size-default\"><a href=\"http:\/\/www.prolocoacquapendente.it\/evento\/viaggio-nella-civilta-contadina-ed-artigiana\/\" target=\"_blank\">Viaggio nella Civilt\u00e0 Contadina ed Artigiana<\/a><\/h3>\t\t<\/div>\n\t\t\t\t<\/div>\n\t\t\t\t\t<\/div>\n\t\t<\/div>\n\t\t\t\t<div class=\"elementor-column elementor-col-50 elementor-inner-column elementor-element elementor-element-b1b010f\" data-id=\"b1b010f\" data-element_type=\"column\">\n\t\t\t<div class=\"elementor-widget-wrap elementor-element-populated\">\n\t\t\t\t\t\t<div class=\"elementor-element elementor-element-4a8ec67 elementor-widget elementor-widget-heading\" data-id=\"4a8ec67\" data-element_type=\"widget\" data-widget_type=\"heading.default\">\n\t\t\t\t<div class=\"elementor-widget-container\">\n\t\t\t<span class=\"elementor-heading-title elementor-size-default\">Terza settimana di Agosto<\/span>\t\t<\/div>\n\t\t\t\t<\/div>\n\t\t\t\t\t<\/div>\n\t\t<\/div>\n\t\t\t\t\t<\/div>\n\t\t<\/section>\n\t\t\t\t<div class=\"elementor-element elementor-element-79cfba3 elementor-widget elementor-widget-text-editor\" data-id=\"79cfba3\" data-element_type=\"widget\" data-widget_type=\"text-editor.default\">\n\t\t\t\t<div class=\"elementor-widget-container\">\n\t\t\t\t\t\t\t<p>Per quattro giorni le vie del centro storico sono animate dai mercatini dell\u2019artigianato, dalle riproduzioni di momenti della vita contadina con l\u2019esposizione di attrezzi agricoli e da spettacoli musicali oltre a stand gastronomici dove, ogni sera, \u00e8 possibile assaporare i prodotti tipici del territorio e ritrovare piatti cucinati con antiche ricette.<\/p>\t\t\t\t\t\t<\/div>\n\t\t\t\t<\/div>\n\t\t\t\t\t<\/div>\n\t\t<\/div>\n\t\t\t\t\t<\/div>\n\t\t<\/section>\n\t\t\t\t<section data-particle_enable=\"false\" data-particle-mobile-disabled=\"false\" class=\"elementor-section elementor-top-section elementor-element elementor-element-b7eef74 elementor-section-boxed elementor-section-height-default elementor-section-height-default\" data-id=\"b7eef74\" data-element_type=\"section\" data-settings=\"{&quot;_ha_eqh_enable&quot;:false}\">\n\t\t\t\t\t\t<div class=\"elementor-container elementor-column-gap-default\">\n\t\t\t\t\t<div class=\"elementor-column elementor-col-100 elementor-top-column elementor-element elementor-element-ff10bff\" data-id=\"ff10bff\" data-element_type=\"column\">\n\t\t\t<div class=\"elementor-widget-wrap elementor-element-populated\">\n\t\t\t\t\t\t<section data-particle_enable=\"false\" data-particle-mobile-disabled=\"false\" class=\"elementor-section elementor-inner-section elementor-element elementor-element-145eb36 elementor-section-boxed elementor-section-height-default elementor-section-height-default\" data-id=\"145eb36\" data-element_type=\"section\" data-settings=\"{&quot;_ha_eqh_enable&quot;:false}\">\n\t\t\t\t\t\t<div class=\"elementor-container elementor-column-gap-default\">\n\t\t\t\t\t<div class=\"elementor-column elementor-col-50 elementor-inner-column elementor-element elementor-element-fc3e5bf\" data-id=\"fc3e5bf\" data-element_type=\"column\">\n\t\t\t<div class=\"elementor-widget-wrap elementor-element-populated\">\n\t\t\t\t\t\t<div class=\"elementor-element elementor-element-38ce386 elementor-widget elementor-widget-heading\" data-id=\"38ce386\" data-element_type=\"widget\" data-widget_type=\"heading.default\">\n\t\t\t\t<div class=\"elementor-widget-container\">\n\t\t\t<h3 class=\"elementor-heading-title elementor-size-default\">Festa di Sant'Ermete<\/h3>\t\t<\/div>\n\t\t\t\t<\/div>\n\t\t\t\t\t<\/div>\n\t\t<\/div>\n\t\t\t\t<div class=\"elementor-column elementor-col-50 elementor-inner-column elementor-element elementor-element-405c8ad\" data-id=\"405c8ad\" data-element_type=\"column\">\n\t\t\t<div class=\"elementor-widget-wrap elementor-element-populated\">\n\t\t\t\t\t\t<div class=\"elementor-element elementor-element-520d9a4 elementor-widget elementor-widget-heading\" data-id=\"520d9a4\" data-element_type=\"widget\" data-widget_type=\"heading.default\">\n\t\t\t\t<div class=\"elementor-widget-container\">\n\t\t\t<span class=\"elementor-heading-title elementor-size-default\">28 Agosto<\/span>\t\t<\/div>\n\t\t\t\t<\/div>\n\t\t\t\t\t<\/div>\n\t\t<\/div>\n\t\t\t\t\t<\/div>\n\t\t<\/section>\n\t\t\t\t<div class=\"elementor-element elementor-element-640cce9 elementor-widget elementor-widget-text-editor\" data-id=\"640cce9\" data-element_type=\"widget\" data-widget_type=\"text-editor.default\">\n\t\t\t\t<div class=\"elementor-widget-container\">\n\t\t\t\t\t\t\t<p>Festa patronale con mercati, tombola e fuochi artificiali. Solitamente la festa inizia alcuni giorni prima con diversi eventi in piazza come concerti o spettacoli teatrali.<\/p>\t\t\t\t\t\t<\/div>\n\t\t\t\t<\/div>\n\t\t\t\t\t<\/div>\n\t\t<\/div>\n\t\t\t\t\t<\/div>\n\t\t<\/section>\n\t\t\t\t<section data-particle_enable=\"false\" data-particle-mobile-disabled=\"false\" class=\"elementor-section elementor-top-section elementor-element elementor-element-e38913e elementor-section-boxed elementor-section-height-default elementor-section-height-default\" data-id=\"e38913e\" data-element_type=\"section\" data-settings=\"{&quot;_ha_eqh_enable&quot;:false}\">\n\t\t\t\t\t\t<div class=\"elementor-container elementor-column-gap-default\">\n\t\t\t\t\t<div class=\"elementor-column elementor-col-100 elementor-top-column elementor-element elementor-element-406260f\" data-id=\"406260f\" data-element_type=\"column\">\n\t\t\t<div class=\"elementor-widget-wrap elementor-element-populated\">\n\t\t\t\t\t\t<section data-particle_enable=\"false\" data-particle-mobile-disabled=\"false\" class=\"elementor-section elementor-inner-section elementor-element elementor-element-4857461 elementor-section-boxed elementor-section-height-default elementor-section-height-default\" data-id=\"4857461\" data-element_type=\"section\" data-settings=\"{&quot;_ha_eqh_enable&quot;:false}\">\n\t\t\t\t\t\t<div class=\"elementor-container elementor-column-gap-default\">\n\t\t\t\t\t<div class=\"elementor-column elementor-col-50 elementor-inner-column elementor-element elementor-element-42b57f0\" data-id=\"42b57f0\" data-element_type=\"column\">\n\t\t\t<div class=\"elementor-widget-wrap elementor-element-populated\">\n\t\t\t\t\t\t<div class=\"elementor-element elementor-element-04609a7 elementor-widget elementor-widget-heading\" data-id=\"04609a7\" data-element_type=\"widget\" data-widget_type=\"heading.default\">\n\t\t\t\t<div class=\"elementor-widget-container\">\n\t\t\t<h3 class=\"elementor-heading-title elementor-size-default\">Fiera dei Campanelli<\/h3>\t\t<\/div>\n\t\t\t\t<\/div>\n\t\t\t\t\t<\/div>\n\t\t<\/div>\n\t\t\t\t<div class=\"elementor-column elementor-col-50 elementor-inner-column elementor-element elementor-element-486db14\" data-id=\"486db14\" data-element_type=\"column\">\n\t\t\t<div class=\"elementor-widget-wrap elementor-element-populated\">\n\t\t\t\t\t\t<div class=\"elementor-element elementor-element-e9c2b0d elementor-widget elementor-widget-heading\" data-id=\"e9c2b0d\" data-element_type=\"widget\" data-widget_type=\"heading.default\">\n\t\t\t\t<div class=\"elementor-widget-container\">\n\t\t\t<span class=\"elementor-heading-title elementor-size-default\">La domenica dopo Pasqua<\/span>\t\t<\/div>\n\t\t\t\t<\/div>\n\t\t\t\t\t<\/div>\n\t\t<\/div>\n\t\t\t\t\t<\/div>\n\t\t<\/section>\n\t\t\t\t<div class=\"elementor-element elementor-element-66a3665 elementor-widget elementor-widget-text-editor\" data-id=\"66a3665\" data-element_type=\"widget\" data-widget_type=\"text-editor.default\">\n\t\t\t\t<div class=\"elementor-widget-container\">\n\t\t\t\t\t\t\t<p>Un grande mercato dove \u00e8 possibile acquistare generi di qualsiasi tipo oltre che i caratteristici Campanelli dipinti a mano, tipici della tradizione aquesiana.<\/p>\t\t\t\t\t\t<\/div>\n\t\t\t\t<\/div>\n\t\t\t\t\t<\/div>\n\t\t<\/div>\n\t\t\t\t\t<\/div>\n\t\t<\/section>\n\t\t\t\t<section data-particle_enable=\"false\" data-particle-mobile-disabled=\"false\" class=\"elementor-section elementor-top-section elementor-element elementor-element-9c5b603 elementor-section-boxed elementor-section-height-default elementor-section-height-default\" data-id=\"9c5b603\" data-element_type=\"section\" data-settings=\"{&quot;_ha_eqh_enable&quot;:false}\">\n\t\t\t\t\t\t<div class=\"elementor-container elementor-column-gap-default\">\n\t\t\t\t\t<div class=\"elementor-column elementor-col-100 elementor-top-column elementor-element elementor-element-69e2e89\" data-id=\"69e2e89\" data-element_type=\"column\">\n\t\t\t<div class=\"elementor-widget-wrap elementor-element-populated\">\n\t\t\t\t\t\t<section data-particle_enable=\"false\" data-particle-mobile-disabled=\"false\" class=\"elementor-section elementor-inner-section elementor-element elementor-element-e18dae9 elementor-section-boxed elementor-section-height-default elementor-section-height-default\" data-id=\"e18dae9\" data-element_type=\"section\" data-settings=\"{&quot;_ha_eqh_enable&quot;:false}\">\n\t\t\t\t\t\t<div class=\"elementor-container elementor-column-gap-default\">\n\t\t\t\t\t<div class=\"elementor-column elementor-col-50 elementor-inner-column elementor-element elementor-element-1d2a751\" data-id=\"1d2a751\" data-element_type=\"column\">\n\t\t\t<div class=\"elementor-widget-wrap elementor-element-populated\">\n\t\t\t\t\t\t<div class=\"elementor-element elementor-element-e4ee548 elementor-widget elementor-widget-heading\" data-id=\"e4ee548\" data-element_type=\"widget\" data-widget_type=\"heading.default\">\n\t\t\t\t<div class=\"elementor-widget-container\">\n\t\t\t<h3 class=\"elementor-heading-title elementor-size-default\"><a href=\"http:\/\/www.francigenamarathon.it\/\" target=\"_blank\">Francigena Marathon<\/a><\/h3>\t\t<\/div>\n\t\t\t\t<\/div>\n\t\t\t\t\t<\/div>\n\t\t<\/div>\n\t\t\t\t<div class=\"elementor-column elementor-col-50 elementor-inner-column elementor-element elementor-element-1bd1090\" data-id=\"1bd1090\" data-element_type=\"column\">\n\t\t\t<div class=\"elementor-widget-wrap elementor-element-populated\">\n\t\t\t\t\t\t<div class=\"elementor-element elementor-element-6edddae elementor-widget elementor-widget-heading\" data-id=\"6edddae\" data-element_type=\"widget\" data-widget_type=\"heading.default\">\n\t\t\t\t<div class=\"elementor-widget-container\">\n\t\t\t<span class=\"elementor-heading-title elementor-size-default\">Ultima domenica di Maggio<\/span>\t\t<\/div>\n\t\t\t\t<\/div>\n\t\t\t\t\t<\/div>\n\t\t<\/div>\n\t\t\t\t\t<\/div>\n\t\t<\/section>\n\t\t\t\t<div class=\"elementor-element elementor-element-0f1db0c elementor-widget elementor-widget-text-editor\" data-id=\"0f1db0c\" data-element_type=\"widget\" data-widget_type=\"text-editor.default\">\n\t\t\t\t<div class=\"elementor-widget-container\">\n\t\t\t\t\t\t\t<p>\u00c8 la prima maratona sulla Via Francigena in Italia sull\u2019antico itinerario di \u201cSigerico\u201d da percorrere solo ed esclusivamente camminando. \u00a0Partendo da Piazza Girolamo Fabrizio posta fronte il Palazzo Comunale, il percorso, dopo aver attraversato il centro storico e costeggiata L\u2019Antica Basilica del Santo Sepolcro, si addentra nella campagna circostante proseguendo fino a Montefiascone.<\/p>\t\t\t\t\t\t<\/div>\n\t\t\t\t<\/div>\n\t\t\t\t\t<\/div>\n\t\t<\/div>\n\t\t\t\t\t<\/div>\n\t\t<\/section>\n\t\t\t\t<section data-particle_enable=\"false\" data-particle-mobile-disabled=\"false\" class=\"elementor-section elementor-top-section elementor-element elementor-element-4ab10bd elementor-section-boxed elementor-section-height-default elementor-section-height-default\" data-id=\"4ab10bd\" data-element_type=\"section\" data-settings=\"{&quot;_ha_eqh_enable&quot;:false}\">\n\t\t\t\t\t\t<div class=\"elementor-container elementor-column-gap-default\">\n\t\t\t\t\t<div class=\"elementor-column elementor-col-100 elementor-top-column elementor-element elementor-element-b6a4a4b\" data-id=\"b6a4a4b\" data-element_type=\"column\">\n\t\t\t<div class=\"elementor-widget-wrap elementor-element-populated\">\n\t\t\t\t\t\t<section data-particle_enable=\"false\" data-particle-mobile-disabled=\"false\" class=\"elementor-section elementor-inner-section elementor-element elementor-element-8a0ee0d elementor-section-boxed elementor-section-height-default elementor-section-height-default\" data-id=\"8a0ee0d\" data-element_type=\"section\" data-settings=\"{&quot;_ha_eqh_enable&quot;:false}\">\n\t\t\t\t\t\t<div class=\"elementor-container elementor-column-gap-default\">\n\t\t\t\t\t<div class=\"elementor-column elementor-col-50 elementor-inner-column elementor-element elementor-element-bc428d6\" data-id=\"bc428d6\" data-element_type=\"column\">\n\t\t\t<div class=\"elementor-widget-wrap elementor-element-populated\">\n\t\t\t\t\t\t<div class=\"elementor-element elementor-element-0b06291 elementor-widget elementor-widget-heading\" data-id=\"0b06291\" data-element_type=\"widget\" data-widget_type=\"heading.default\">\n\t\t\t\t<div class=\"elementor-widget-container\">\n\t\t\t<h2 class=\"elementor-heading-title elementor-size-default\"><a href=\"http:\/\/francigenacongusto.it\" target=\"_blank\">Francigena con Gusto<\/a><\/h2>\t\t<\/div>\n\t\t\t\t<\/div>\n\t\t\t\t\t<\/div>\n\t\t<\/div>\n\t\t\t\t<div class=\"elementor-column elementor-col-50 elementor-inner-column elementor-element elementor-element-b0de66d\" data-id=\"b0de66d\" data-element_type=\"column\">\n\t\t\t<div class=\"elementor-widget-wrap elementor-element-populated\">\n\t\t\t\t\t\t<div class=\"elementor-element elementor-element-1dc85a6 elementor-widget elementor-widget-heading\" data-id=\"1dc85a6\" data-element_type=\"widget\" data-widget_type=\"heading.default\">\n\t\t\t\t<div class=\"elementor-widget-container\">\n\t\t\t<span class=\"elementor-heading-title elementor-size-default\">Ultimo sabato di Maggio<\/span>\t\t<\/div>\n\t\t\t\t<\/div>\n\t\t\t\t\t<\/div>\n\t\t<\/div>\n\t\t\t\t\t<\/div>\n\t\t<\/section>\n\t\t\t\t<div class=\"elementor-element elementor-element-e0ac882 elementor-widget elementor-widget-text-editor\" data-id=\"e0ac882\" data-element_type=\"widget\" data-widget_type=\"text-editor.default\">\n\t\t\t\t<div class=\"elementor-widget-container\">\n\t\t\t\t\t\t\t<p>Un evento nato in concomitanza con la Francigena Marathon. La sera prima della maratona via Cesare Battisti e via Roma si riempiranno di stand con prodotti tipici ed enogastronomici, artisti di strada, street art, musica, mostre, artigianato e tanto altro ancora.<\/p>\t\t\t\t\t\t<\/div>\n\t\t\t\t<\/div>\n\t\t\t\t\t<\/div>\n\t\t<\/div>\n\t\t\t\t\t<\/div>\n\t\t<\/section>\n\t\t\t\t<section data-particle_enable=\"false\" data-particle-mobile-disabled=\"false\" class=\"elementor-section elementor-top-section elementor-element elementor-element-421239a elementor-section-boxed elementor-section-height-default elementor-section-height-default\" data-id=\"421239a\" data-element_type=\"section\" data-settings=\"{&quot;_ha_eqh_enable&quot;:false}\">\n\t\t\t\t\t\t<div class=\"elementor-container elementor-column-gap-default\">\n\t\t\t\t\t<div class=\"elementor-column elementor-col-100 elementor-top-column elementor-element elementor-element-ffe7c7c\" data-id=\"ffe7c7c\" data-element_type=\"column\">\n\t\t\t<div class=\"elementor-widget-wrap elementor-element-populated\">\n\t\t\t\t\t\t<section data-particle_enable=\"false\" data-particle-mobile-disabled=\"false\" class=\"elementor-section elementor-inner-section elementor-element elementor-element-92619e6 elementor-section-boxed elementor-section-height-default elementor-section-height-default\" data-id=\"92619e6\" data-element_type=\"section\" data-settings=\"{&quot;_ha_eqh_enable&quot;:false}\">\n\t\t\t\t\t\t<div class=\"elementor-container elementor-column-gap-default\">\n\t\t\t\t\t<div class=\"elementor-column elementor-col-50 elementor-inner-column elementor-element elementor-element-5aec1af\" data-id=\"5aec1af\" data-element_type=\"column\">\n\t\t\t<div class=\"elementor-widget-wrap elementor-element-populated\">\n\t\t\t\t\t\t<div class=\"elementor-element elementor-element-f8192c9 elementor-widget elementor-widget-heading\" data-id=\"f8192c9\" data-element_type=\"widget\" data-widget_type=\"heading.default\">\n\t\t\t\t<div class=\"elementor-widget-container\">\n\t\t\t<h3 class=\"elementor-heading-title elementor-size-default\"><a href=\"http:\/\/www.francigenaultramarathon.it\/\" target=\"_blank\">World Francigena Ultra Marathon<\/a><\/h3>\t\t<\/div>\n\t\t\t\t<\/div>\n\t\t\t\t\t<\/div>\n\t\t<\/div>\n\t\t\t\t<div class=\"elementor-column elementor-col-50 elementor-inner-column elementor-element elementor-element-1f8eea2\" data-id=\"1f8eea2\" data-element_type=\"column\">\n\t\t\t<div class=\"elementor-widget-wrap elementor-element-populated\">\n\t\t\t\t\t\t<div class=\"elementor-element elementor-element-e036126 elementor-widget elementor-widget-heading\" data-id=\"e036126\" data-element_type=\"widget\" data-widget_type=\"heading.default\">\n\t\t\t\t<div class=\"elementor-widget-container\">\n\t\t\t<span class=\"elementor-heading-title elementor-size-default\">Settembre o Ottobre<\/span>\t\t<\/div>\n\t\t\t\t<\/div>\n\t\t\t\t\t<\/div>\n\t\t<\/div>\n\t\t\t\t\t<\/div>\n\t\t<\/section>\n\t\t\t\t<div class=\"elementor-element elementor-element-7b40ca2 elementor-widget elementor-widget-text-editor\" data-id=\"7b40ca2\" data-element_type=\"widget\" data-widget_type=\"text-editor.default\">\n\t\t\t\t<div class=\"elementor-widget-container\">\n\t\t\t\t\t\t\t<p>A passo di Trekking e Nordic Walking sull\u2019antico percorso della Via Francigena. Questa volta si parte da Siena per un percorso lungo ben 120 km. \u00c8 possibile anche fare solo una parte di percorsi, l&#8217;ultimo dei quali parte da Radicofani ed arriva ad Acquapendente per un cammino di 32 km.<\/p>\t\t\t\t\t\t<\/div>\n\t\t\t\t<\/div>\n\t\t\t\t\t<\/div>\n\t\t<\/div>\n\t\t\t\t\t<\/div>\n\t\t<\/section>\n\t\t\t\t<section data-particle_enable=\"false\" data-particle-mobile-disabled=\"false\" class=\"elementor-section elementor-top-section elementor-element elementor-element-9c9d188 elementor-section-boxed elementor-section-height-default elementor-section-height-default\" data-id=\"9c9d188\" data-element_type=\"section\" data-settings=\"{&quot;_ha_eqh_enable&quot;:false}\">\n\t\t\t\t\t\t<div class=\"elementor-container elementor-column-gap-default\">\n\t\t\t\t\t<div class=\"elementor-column elementor-col-100 elementor-top-column elementor-element elementor-element-b69f64b\" data-id=\"b69f64b\" data-element_type=\"column\">\n\t\t\t<div class=\"elementor-widget-wrap elementor-element-populated\">\n\t\t\t\t\t\t<section data-particle_enable=\"false\" data-particle-mobile-disabled=\"false\" class=\"elementor-section elementor-inner-section elementor-element elementor-element-cee2ec3 elementor-section-boxed elementor-section-height-default elementor-section-height-default\" data-id=\"cee2ec3\" data-element_type=\"section\" data-settings=\"{&quot;_ha_eqh_enable&quot;:false}\">\n\t\t\t\t\t\t<div class=\"elementor-container elementor-column-gap-default\">\n\t\t\t\t\t<div class=\"elementor-column elementor-col-50 elementor-inner-column elementor-element elementor-element-d79bb57\" data-id=\"d79bb57\" data-element_type=\"column\">\n\t\t\t<div class=\"elementor-widget-wrap elementor-element-populated\">\n\t\t\t\t\t\t<div class=\"elementor-element elementor-element-27c1768 elementor-widget elementor-widget-heading\" data-id=\"27c1768\" data-element_type=\"widget\" data-widget_type=\"heading.default\">\n\t\t\t\t<div class=\"elementor-widget-container\">\n\t\t\t<h3 class=\"elementor-heading-title elementor-size-default\"><a href=\"http:\/\/www.officinadellarteacquapendente.it\/wp\/urban-vision\/\" target=\"_blank\">Urban Vision Festival<\/a><\/h3>\t\t<\/div>\n\t\t\t\t<\/div>\n\t\t\t\t\t<\/div>\n\t\t<\/div>\n\t\t\t\t<div class=\"elementor-column elementor-col-50 elementor-inner-column elementor-element elementor-element-fd14bf5\" data-id=\"fd14bf5\" data-element_type=\"column\">\n\t\t\t<div class=\"elementor-widget-wrap elementor-element-populated\">\n\t\t\t\t\t\t<div class=\"elementor-element elementor-element-dcdd63a elementor-widget elementor-widget-heading\" data-id=\"dcdd63a\" data-element_type=\"widget\" data-widget_type=\"heading.default\">\n\t\t\t\t<div class=\"elementor-widget-container\">\n\t\t\t<span class=\"elementor-heading-title elementor-size-default\">Inizi di Luglio<\/span>\t\t<\/div>\n\t\t\t\t<\/div>\n\t\t\t\t\t<\/div>\n\t\t<\/div>\n\t\t\t\t\t<\/div>\n\t\t<\/section>\n\t\t\t\t<div class=\"elementor-element elementor-element-5ebe320 elementor-widget elementor-widget-text-editor\" data-id=\"5ebe320\" data-element_type=\"widget\" data-widget_type=\"text-editor.default\">\n\t\t\t\t<div class=\"elementor-widget-container\">\n\t\t\t\t\t\t\t<p>La manifestazione nasce dall\u2019idea di utilizzare l\u2019arte, la musica, la gastronomia come strumenti per la conoscenza e la tutela del territorio e lo sviluppo per l\u2019intera area.<\/p>\t\t\t\t\t\t<\/div>\n\t\t\t\t<\/div>\n\t\t\t\t\t<\/div>\n\t\t<\/div>\n\t\t\t\t\t<\/div>\n\t\t<\/section>\n\t\t\t\t<section data-particle_enable=\"false\" data-particle-mobile-disabled=\"false\" class=\"elementor-section elementor-top-section elementor-element elementor-element-615e061 elementor-section-boxed elementor-section-height-default elementor-section-height-default\" data-id=\"615e061\" data-element_type=\"section\" data-settings=\"{&quot;_ha_eqh_enable&quot;:false}\">\n\t\t\t\t\t\t<div class=\"elementor-container elementor-column-gap-default\">\n\t\t\t\t\t<div class=\"elementor-column elementor-col-100 elementor-top-column elementor-element elementor-element-00b3276\" data-id=\"00b3276\" data-element_type=\"column\">\n\t\t\t<div class=\"elementor-widget-wrap elementor-element-populated\">\n\t\t\t\t\t\t<section data-particle_enable=\"false\" data-particle-mobile-disabled=\"false\" class=\"elementor-section elementor-inner-section elementor-element elementor-element-cf55ff6 elementor-section-boxed elementor-section-height-default elementor-section-height-default\" data-id=\"cf55ff6\" data-element_type=\"section\" data-settings=\"{&quot;_ha_eqh_enable&quot;:false}\">\n\t\t\t\t\t\t<div class=\"elementor-container elementor-column-gap-default\">\n\t\t\t\t\t<div class=\"elementor-column elementor-col-50 elementor-inner-column elementor-element elementor-element-a8479d1\" data-id=\"a8479d1\" data-element_type=\"column\">\n\t\t\t<div class=\"elementor-widget-wrap elementor-element-populated\">\n\t\t\t\t\t\t<div class=\"elementor-element elementor-element-1fb1aa8 elementor-widget elementor-widget-heading\" data-id=\"1fb1aa8\" data-element_type=\"widget\" data-widget_type=\"heading.default\">\n\t\t\t\t<div class=\"elementor-widget-container\">\n\t\t\t<h3 class=\"elementor-heading-title elementor-size-default\">Scarpinata di Monte Rufeno<\/h3>\t\t<\/div>\n\t\t\t\t<\/div>\n\t\t\t\t\t<\/div>\n\t\t<\/div>\n\t\t\t\t<div class=\"elementor-column elementor-col-50 elementor-inner-column elementor-element elementor-element-02c93a2\" data-id=\"02c93a2\" data-element_type=\"column\">\n\t\t\t<div class=\"elementor-widget-wrap elementor-element-populated\">\n\t\t\t\t\t\t<div class=\"elementor-element elementor-element-d6dd452 elementor-widget elementor-widget-heading\" data-id=\"d6dd452\" data-element_type=\"widget\" data-widget_type=\"heading.default\">\n\t\t\t\t<div class=\"elementor-widget-container\">\n\t\t\t<span class=\"elementor-heading-title elementor-size-default\">Settembre<\/span>\t\t<\/div>\n\t\t\t\t<\/div>\n\t\t\t\t\t<\/div>\n\t\t<\/div>\n\t\t\t\t\t<\/div>\n\t\t<\/section>\n\t\t\t\t<div class=\"elementor-element elementor-element-a92bc79 elementor-widget elementor-widget-text-editor\" data-id=\"a92bc79\" data-element_type=\"widget\" data-widget_type=\"text-editor.default\">\n\t\t\t\t<div class=\"elementor-widget-container\">\n\t\t\t\t\t\t\t<p>Tradizionale passeggiata nella Riserva di Monte Rufeno che si tiene da pi\u00f9 di trenta anni.<\/p>\t\t\t\t\t\t<\/div>\n\t\t\t\t<\/div>\n\t\t\t\t\t<\/div>\n\t\t<\/div>\n\t\t\t\t\t<\/div>\n\t\t<\/section>\n\t\t\t\t<section data-particle_enable=\"false\" data-particle-mobile-disabled=\"false\" class=\"elementor-section elementor-top-section elementor-element elementor-element-be3f362 elementor-section-boxed elementor-section-height-default elementor-section-height-default\" data-id=\"be3f362\" data-element_type=\"section\" data-settings=\"{&quot;_ha_eqh_enable&quot;:false}\">\n\t\t\t\t\t\t<div class=\"elementor-container elementor-column-gap-default\">\n\t\t\t\t\t<div class=\"elementor-column elementor-col-100 elementor-top-column elementor-element elementor-element-5ba07a8\" data-id=\"5ba07a8\" data-element_type=\"column\">\n\t\t\t<div class=\"elementor-widget-wrap elementor-element-populated\">\n\t\t\t\t\t\t<section data-particle_enable=\"false\" data-particle-mobile-disabled=\"false\" class=\"elementor-section elementor-inner-section elementor-element elementor-element-e5bc161 elementor-section-boxed elementor-section-height-default elementor-section-height-default\" data-id=\"e5bc161\" data-element_type=\"section\" data-settings=\"{&quot;_ha_eqh_enable&quot;:false}\">\n\t\t\t\t\t\t<div class=\"elementor-container elementor-column-gap-default\">\n\t\t\t\t\t<div class=\"elementor-column elementor-col-50 elementor-inner-column elementor-element elementor-element-b47cbd6\" data-id=\"b47cbd6\" data-element_type=\"column\">\n\t\t\t<div class=\"elementor-widget-wrap elementor-element-populated\">\n\t\t\t\t\t\t<div class=\"elementor-element elementor-element-d0ada1c elementor-widget elementor-widget-heading\" data-id=\"d0ada1c\" data-element_type=\"widget\" data-widget_type=\"heading.default\">\n\t\t\t\t<div class=\"elementor-widget-container\">\n\t\t\t<h3 class=\"elementor-heading-title elementor-size-default\">Sant'Antonio Abate<\/h3>\t\t<\/div>\n\t\t\t\t<\/div>\n\t\t\t\t\t<\/div>\n\t\t<\/div>\n\t\t\t\t<div class=\"elementor-column elementor-col-50 elementor-inner-column elementor-element elementor-element-71610e1\" data-id=\"71610e1\" data-element_type=\"column\">\n\t\t\t<div class=\"elementor-widget-wrap elementor-element-populated\">\n\t\t\t\t\t\t<div class=\"elementor-element elementor-element-c59e05d elementor-widget elementor-widget-heading\" data-id=\"c59e05d\" data-element_type=\"widget\" data-widget_type=\"heading.default\">\n\t\t\t\t<div class=\"elementor-widget-container\">\n\t\t\t<span class=\"elementor-heading-title elementor-size-default\">17 Gennaio<\/span>\t\t<\/div>\n\t\t\t\t<\/div>\n\t\t\t\t\t<\/div>\n\t\t<\/div>\n\t\t\t\t\t<\/div>\n\t\t<\/section>\n\t\t\t\t<div class=\"elementor-element elementor-element-0310665 elementor-widget elementor-widget-text-editor\" data-id=\"0310665\" data-element_type=\"widget\" data-widget_type=\"text-editor.default\">\n\t\t\t\t<div class=\"elementor-widget-container\">\n\t\t\t\t\t\t\t<p>Tradizionale festa dedicata agli animali. Infatti Sant&#8217;Antonio \u00e8 considerato il protettore degli animali domestici. Il 17 gennaio tradizionalmente la Chiesa benedice gli animali e le stalle ponendoli sotto la protezione del santo.<\/p>\t\t\t\t\t\t<\/div>\n\t\t\t\t<\/div>\n\t\t\t\t\t<\/div>\n\t\t<\/div>\n\t\t\t\t\t<\/div>\n\t\t<\/section>\n\t\t\t\t<section data-particle_enable=\"false\" data-particle-mobile-disabled=\"false\" class=\"elementor-section elementor-top-section elementor-element elementor-element-1130960 elementor-section-boxed elementor-section-height-default elementor-section-height-default\" data-id=\"1130960\" data-element_type=\"section\" data-settings=\"{&quot;_ha_eqh_enable&quot;:false}\">\n\t\t\t\t\t\t<div class=\"elementor-container elementor-column-gap-default\">\n\t\t\t\t\t<div class=\"elementor-column elementor-col-100 elementor-top-column elementor-element elementor-element-31dea2b\" data-id=\"31dea2b\" data-element_type=\"column\">\n\t\t\t<div class=\"elementor-widget-wrap elementor-element-populated\">\n\t\t\t\t\t\t<div class=\"elementor-element elementor-element-271cc79 elementor-widget elementor-widget-heading\" data-id=\"271cc79\" data-element_type=\"widget\" data-widget_type=\"heading.default\">\n\t\t\t\t<div class=\"elementor-widget-container\">\n\t\t\t<h2 class=\"elementor-heading-title elementor-size-default\">Scopri Acquapendente e le sue frazioni<\/h2>\t\t<\/div>\n\t\t\t\t<\/div>\n\t\t\t\t\t<\/div>\n\t\t<\/div>\n\t\t\t\t\t<\/div>\n\t\t<\/section>\n\t\t\t\t<section data-particle_enable=\"false\" data-particle-mobile-disabled=\"false\" class=\"elementor-section elementor-top-section elementor-element elementor-element-0038d92 elementor-section-boxed elementor-section-height-default elementor-section-height-default\" data-id=\"0038d92\" data-element_type=\"section\" data-settings=\"{&quot;_ha_eqh_enable&quot;:false}\">\n\t\t\t\t\t\t<div class=\"elementor-container elementor-column-gap-default\">\n\t\t\t\t\t<div class=\"elementor-column elementor-col-50 elementor-top-column elementor-element elementor-element-ca5617d\" data-id=\"ca5617d\" data-element_type=\"column\">\n\t\t\t<div class=\"elementor-widget-wrap elementor-element-populated\">\n\t\t\t\t\t\t<div class=\"elementor-element elementor-element-61eaa62 elementor-widget elementor-widget-ha-flip-box happy-addon ha-flip-box happy-addon-pro\" data-id=\"61eaa62\" data-element_type=\"widget\" data-widget_type=\"ha-flip-box.default\">\n\t\t\t\t<div class=\"elementor-widget-container\">\n\t\t\t\n        <div class=\"ha-flip-box-container ha-flip-effect-3d\">\n\n            <div class=\"ha-flip-box-inner ha-flip-right\">\n                <div class=\"ha-flip-box-inner-wrapper\">\n                    <div class=\"ha-flip-box-front\">\n                        <div class=\"ha-flip-box-front-inner\">\n                            <div class=\"icon-wrap\">\n                                                                                            <\/div>\n\n                            <div class=\"ha-text\">\n                                <h3 class=\"ha-flip-box-heading\">Torre Alfina<\/h3>\n                                                                    <p class=\"ha-desc\">ed il suo magnifico Castello<\/p>\n                                                            <\/div>\n                        <\/div>\n                    <\/div>\n\n                    <div class=\"ha-flip-box-back\">\n                        <div class=\"ha-flip-box-back-inner\">\n                            <div class=\"icon-wrap\">\n                                                                                            <\/div>\n\n                            <div class=\"ha-text\">\n                                <h3 class=\"ha-flip-box-heading-back\">Torre Alfina<\/h3>\n                                                                    <p class=\"ha-desc\">Scopri uno dei Borghi pi\u00f9 belli d'Italia con il suo castello ed il leggendario Bosco del Sasseto<\/p>\n                                                            <\/div>\n\n\t\t\t\t\t\t\t\t\t\t\t\t\t\t<div class=\"ha-flip-btn-container\">\n\t\t\t\t\t\t\t\t<a class=\"ha-flip-btn\" href=\"https:\/\/www.albergotoscana.net\/fr\/territorio\/torre-alfina\/\">\n\t\t\t\t\t\t\t\t\tClicca qui\t\t\t\t\t\t\t\t<\/a>\n\t\t\t\t\t\t\t<\/div>\n\t\t\t\t\t\t\t\n                        <\/div>\n                    <\/div>\n                <\/div>\n            <\/div>\n        <\/div>\n    \t\t<\/div>\n\t\t\t\t<\/div>\n\t\t\t\t\t<\/div>\n\t\t<\/div>\n\t\t\t\t<div class=\"elementor-column elementor-col-50 elementor-top-column elementor-element elementor-element-84bde59\" data-id=\"84bde59\" data-element_type=\"column\">\n\t\t\t<div class=\"elementor-widget-wrap elementor-element-populated\">\n\t\t\t\t\t\t<div class=\"elementor-element elementor-element-516abb7 elementor-widget elementor-widget-ha-flip-box happy-addon ha-flip-box happy-addon-pro\" data-id=\"516abb7\" data-element_type=\"widget\" data-widget_type=\"ha-flip-box.default\">\n\t\t\t\t<div class=\"elementor-widget-container\">\n\t\t\t\n        <div class=\"ha-flip-box-container ha-flip-effect-3d\">\n\n            <div class=\"ha-flip-box-inner ha-flip-right\">\n                <div class=\"ha-flip-box-inner-wrapper\">\n                    <div class=\"ha-flip-box-front\">\n                        <div class=\"ha-flip-box-front-inner\">\n                            <div class=\"icon-wrap\">\n                                                                                            <\/div>\n\n                            <div class=\"ha-text\">\n                                <h3 class=\"ha-flip-box-heading\">Trevinano<\/h3>\n                                                                    <p class=\"ha-desc\">al confine con Toscana e Umbria<\/p>\n                                                            <\/div>\n                        <\/div>\n                    <\/div>\n\n                    <div class=\"ha-flip-box-back\">\n                        <div class=\"ha-flip-box-back-inner\">\n                            <div class=\"icon-wrap\">\n                                                                                            <\/div>\n\n                            <div class=\"ha-text\">\n                                <h3 class=\"ha-flip-box-heading-back\">Trevinano<\/h3>\n                                                                    <p class=\"ha-desc\">Borgo immerso nella Riserva naturale di Monte Rufeno all'incrocio fra 3 regioni<\/p>\n                                                            <\/div>\n\n\t\t\t\t\t\t\t\t\t\t\t\t\t\t<div class=\"ha-flip-btn-container\">\n\t\t\t\t\t\t\t\t<a class=\"ha-flip-btn\" href=\"https:\/\/www.albergotoscana.net\/fr\/territorio\/trevinano\/\">\n\t\t\t\t\t\t\t\t\tClicca qui\t\t\t\t\t\t\t\t<\/a>\n\t\t\t\t\t\t\t<\/div>\n\t\t\t\t\t\t\t\n                        <\/div>\n                    <\/div>\n                <\/div>\n            <\/div>\n        <\/div>\n    \t\t<\/div>\n\t\t\t\t<\/div>\n\t\t\t\t\t<\/div>\n\t\t<\/div>\n\t\t\t\t\t<\/div>\n\t\t<\/section>\n\t\t\t\t<\/div>","protected":false},"excerpt":{"rendered":"<p>Acquapendente Acquapendente non \u00e8 una tappa qualsiasi sull\u2019antica Via Francigena, ma un luogo di devozione, una meta spirituale.&nbsp;Nella cripta romanica del Duomo c\u2019\u00e8 il Sacello del Santo Sepolcro, che fin dall\u2019alto medioevo ha conservato le reliquie delle pietre macchiate con il sangue di Cristo. Si dice che questa antica&nbsp; costruzione riproduca il Santo Sepolcro di [&hellip;]<\/p>","protected":false},"author":2,"featured_media":202,"parent":154,"menu_order":0,"comment_status":"closed","ping_status":"closed","template":"","meta":{"site-sidebar-layout":"no-sidebar","site-content-layout":"page-builder","ast-site-content-layout":"default","site-content-style":"default","site-sidebar-style":"default","ast-global-header-display":"","ast-banner-title-visibility":"","ast-main-header-display":"","ast-hfb-above-header-display":"","ast-hfb-below-header-display":"","ast-hfb-mobile-header-display":"","site-post-title":"disabled","ast-breadcrumbs-content":"","ast-featured-img":"disabled","footer-sml-layout":"","ast-disable-related-posts":"","theme-transparent-header-meta":"default","adv-header-id-meta":"","stick-header-meta":"","header-above-stick-meta":"","header-main-stick-meta":"","header-below-stick-meta":"","astra-migrate-meta-layouts":"default","ast-page-background-enabled":"default","ast-page-background-meta":{"desktop":{"background-color":"","background-image":"","background-repeat":"repeat","background-position":"center center","background-size":"auto","background-attachment":"scroll","background-type":"","background-media":"","overlay-type":"","overlay-color":"","overlay-opacity":"","overlay-gradient":""},"tablet":{"background-color":"","background-image":"","background-repeat":"repeat","background-position":"center center","background-size":"auto","background-attachment":"scroll","background-type":"","background-media":"","overlay-type":"","overlay-color":"","overlay-opacity":"","overlay-gradient":""},"mobile":{"background-color":"","background-image":"","background-repeat":"repeat","background-position":"center center","background-size":"auto","background-attachment":"scroll","background-type":"","background-media":"","overlay-type":"","overlay-color":"","overlay-opacity":"","overlay-gradient":""}},"ast-content-background-meta":{"desktop":{"background-color":"var(--ast-global-color-5)","background-image":"","background-repeat":"repeat","background-position":"center center","background-size":"auto","background-attachment":"scroll","background-type":"","background-media":"","overlay-type":"","overlay-color":"","overlay-opacity":"","overlay-gradient":""},"tablet":{"background-color":"var(--ast-global-color-5)","background-image":"","background-repeat":"repeat","background-position":"center center","background-size":"auto","background-attachment":"scroll","background-type":"","background-media":"","overlay-type":"","overlay-color":"","overlay-opacity":"","overlay-gradient":""},"mobile":{"background-color":"var(--ast-global-color-5)","background-image":"","background-repeat":"repeat","background-position":"center center","background-size":"auto","background-attachment":"scroll","background-type":"","background-media":"","overlay-type":"","overlay-color":"","overlay-opacity":"","overlay-gradient":""}},"footnotes":""},"class_list":["post-288","page","type-page","status-publish","has-post-thumbnail","hentry"],"yoast_head":"<!-- This site is optimized with the Yoast SEO plugin v23.9 - https:\/\/yoast.com\/wordpress\/plugins\/seo\/ -->\n<title>Acquapendente - Albergo Toscana \u2022 Ristorante dall&#039;Aldina<\/title>\n<meta name=\"description\" content=\"La citt\u00e0 dei Pugnaloni, un territorio dell\u2019anima, un viaggio interiore, un posto dove ritrovarsi, una pausa rigenerante lungo il cammino della vita.\" \/>\n<meta name=\"robots\" content=\"index, follow, max-snippet:-1, max-image-preview:large, max-video-preview:-1\" \/>\n<link rel=\"canonical\" href=\"https:\/\/www.albergotoscana.net\/fr\/territorio\/acquapendente\/\" \/>\n<meta property=\"og:locale\" content=\"fr_FR\" \/>\n<meta property=\"og:type\" content=\"article\" \/>\n<meta property=\"og:title\" content=\"Acquapendente - Albergo Toscana \u2022 Ristorante dall&#039;Aldina\" \/>\n<meta property=\"og:description\" content=\"La citt\u00e0 dei Pugnaloni, un territorio dell\u2019anima, un viaggio interiore, un posto dove ritrovarsi, una pausa rigenerante lungo il cammino della vita.\" \/>\n<meta property=\"og:url\" content=\"https:\/\/www.albergotoscana.net\/fr\/territorio\/acquapendente\/\" \/>\n<meta property=\"og:site_name\" content=\"Albergo Toscana \u2022 Ristorante dall&#039;Aldina\" \/>\n<meta property=\"article:modified_time\" content=\"2025-02-11T09:33:39+00:00\" \/>\n<meta property=\"og:image\" content=\"https:\/\/www.albergotoscana.net\/wp-content\/uploads\/2020\/05\/Comune.jpg\" \/>\n\t<meta property=\"og:image:width\" content=\"1900\" \/>\n\t<meta property=\"og:image:height\" content=\"1117\" \/>\n\t<meta property=\"og:image:type\" content=\"image\/jpeg\" \/>\n<meta name=\"twitter:card\" content=\"summary_large_image\" \/>\n<meta name=\"twitter:label1\" content=\"Dur\u00e9e de lecture estim\u00e9e\" \/>\n\t<meta name=\"twitter:data1\" content=\"12 minutes\" \/>\n<script type=\"application\/ld+json\" class=\"yoast-schema-graph\">{\"@context\":\"https:\/\/schema.org\",\"@graph\":[{\"@type\":\"WebPage\",\"@id\":\"https:\/\/www.albergotoscana.net\/territorio\/acquapendente\/\",\"url\":\"https:\/\/www.albergotoscana.net\/territorio\/acquapendente\/\",\"name\":\"Acquapendente - Albergo Toscana \u2022 Ristorante dall&#039;Aldina\",\"isPartOf\":{\"@id\":\"https:\/\/www.albergotoscana.net\/#website\"},\"primaryImageOfPage\":{\"@id\":\"https:\/\/www.albergotoscana.net\/territorio\/acquapendente\/#primaryimage\"},\"image\":{\"@id\":\"https:\/\/www.albergotoscana.net\/territorio\/acquapendente\/#primaryimage\"},\"thumbnailUrl\":\"https:\/\/www.albergotoscana.net\/wp-content\/uploads\/2020\/05\/Comune.jpg\",\"datePublished\":\"2020-05-25T17:52:37+00:00\",\"dateModified\":\"2025-02-11T09:33:39+00:00\",\"description\":\"La citt\u00e0 dei Pugnaloni, un territorio dell\u2019anima, un viaggio interiore, un posto dove ritrovarsi, una pausa rigenerante lungo il cammino della vita.\",\"breadcrumb\":{\"@id\":\"https:\/\/www.albergotoscana.net\/territorio\/acquapendente\/#breadcrumb\"},\"inLanguage\":\"fr-FR\",\"potentialAction\":[{\"@type\":\"ReadAction\",\"target\":[\"https:\/\/www.albergotoscana.net\/territorio\/acquapendente\/\"]}]},{\"@type\":\"ImageObject\",\"inLanguage\":\"fr-FR\",\"@id\":\"https:\/\/www.albergotoscana.net\/territorio\/acquapendente\/#primaryimage\",\"url\":\"https:\/\/www.albergotoscana.net\/wp-content\/uploads\/2020\/05\/Comune.jpg\",\"contentUrl\":\"https:\/\/www.albergotoscana.net\/wp-content\/uploads\/2020\/05\/Comune.jpg\",\"width\":1900,\"height\":1117,\"caption\":\"Comune di Acquapendente\"},{\"@type\":\"BreadcrumbList\",\"@id\":\"https:\/\/www.albergotoscana.net\/territorio\/acquapendente\/#breadcrumb\",\"itemListElement\":[{\"@type\":\"ListItem\",\"position\":1,\"name\":\"Home\",\"item\":\"https:\/\/www.albergotoscana.net\/\"},{\"@type\":\"ListItem\",\"position\":2,\"name\":\"Territorio\",\"item\":\"https:\/\/www.albergotoscana.net\/territorio\/\"},{\"@type\":\"ListItem\",\"position\":3,\"name\":\"Acquapendente\"}]},{\"@type\":\"WebSite\",\"@id\":\"https:\/\/www.albergotoscana.net\/#website\",\"url\":\"https:\/\/www.albergotoscana.net\/\",\"name\":\"Albergo Toscana \u2022 Ristorante dall&#039;Aldina\",\"description\":\"Acquapendente (VT)\",\"publisher\":{\"@id\":\"https:\/\/www.albergotoscana.net\/#organization\"},\"potentialAction\":[{\"@type\":\"SearchAction\",\"target\":{\"@type\":\"EntryPoint\",\"urlTemplate\":\"https:\/\/www.albergotoscana.net\/?s={search_term_string}\"},\"query-input\":{\"@type\":\"PropertyValueSpecification\",\"valueRequired\":true,\"valueName\":\"search_term_string\"}}],\"inLanguage\":\"fr-FR\"},{\"@type\":\"Organization\",\"@id\":\"https:\/\/www.albergotoscana.net\/#organization\",\"name\":\"Albergo Toscana \u2022 Ristorante dall&#039;Aldina\",\"url\":\"https:\/\/www.albergotoscana.net\/\",\"logo\":{\"@type\":\"ImageObject\",\"inLanguage\":\"fr-FR\",\"@id\":\"https:\/\/www.albergotoscana.net\/#\/schema\/logo\/image\/\",\"url\":\"https:\/\/www.albergotoscana.net\/wp-content\/uploads\/2020\/05\/Albergo-Toscana_logo.png\",\"contentUrl\":\"https:\/\/www.albergotoscana.net\/wp-content\/uploads\/2020\/05\/Albergo-Toscana_logo.png\",\"width\":200,\"height\":136,\"caption\":\"Albergo Toscana \u2022 Ristorante dall&#039;Aldina\"},\"image\":{\"@id\":\"https:\/\/www.albergotoscana.net\/#\/schema\/logo\/image\/\"}}]}<\/script>\n<!-- \/ Yoast SEO plugin. -->","yoast_head_json":{"title":"Acquapendente - Albergo Toscana \u2022 Ristorante dall&#039;Aldina","description":"La citt\u00e0 dei Pugnaloni, un territorio dell\u2019anima, un viaggio interiore, un posto dove ritrovarsi, una pausa rigenerante lungo il cammino della vita.","robots":{"index":"index","follow":"follow","max-snippet":"max-snippet:-1","max-image-preview":"max-image-preview:large","max-video-preview":"max-video-preview:-1"},"canonical":"https:\/\/www.albergotoscana.net\/fr\/territorio\/acquapendente\/","og_locale":"fr_FR","og_type":"article","og_title":"Acquapendente - Albergo Toscana \u2022 Ristorante dall&#039;Aldina","og_description":"La citt\u00e0 dei Pugnaloni, un territorio dell\u2019anima, un viaggio interiore, un posto dove ritrovarsi, una pausa rigenerante lungo il cammino della vita.","og_url":"https:\/\/www.albergotoscana.net\/fr\/territorio\/acquapendente\/","og_site_name":"Albergo Toscana \u2022 Ristorante dall&#039;Aldina","article_modified_time":"2025-02-11T09:33:39+00:00","og_image":[{"width":1900,"height":1117,"url":"https:\/\/www.albergotoscana.net\/wp-content\/uploads\/2020\/05\/Comune.jpg","type":"image\/jpeg"}],"twitter_card":"summary_large_image","twitter_misc":{"Dur\u00e9e de lecture estim\u00e9e":"12 minutes"},"schema":{"@context":"https:\/\/schema.org","@graph":[{"@type":"WebPage","@id":"https:\/\/www.albergotoscana.net\/territorio\/acquapendente\/","url":"https:\/\/www.albergotoscana.net\/territorio\/acquapendente\/","name":"Acquapendente - Albergo Toscana \u2022 Ristorante dall&#039;Aldina","isPartOf":{"@id":"https:\/\/www.albergotoscana.net\/#website"},"primaryImageOfPage":{"@id":"https:\/\/www.albergotoscana.net\/territorio\/acquapendente\/#primaryimage"},"image":{"@id":"https:\/\/www.albergotoscana.net\/territorio\/acquapendente\/#primaryimage"},"thumbnailUrl":"https:\/\/www.albergotoscana.net\/wp-content\/uploads\/2020\/05\/Comune.jpg","datePublished":"2020-05-25T17:52:37+00:00","dateModified":"2025-02-11T09:33:39+00:00","description":"La citt\u00e0 dei Pugnaloni, un territorio dell\u2019anima, un viaggio interiore, un posto dove ritrovarsi, una pausa rigenerante lungo il cammino della vita.","breadcrumb":{"@id":"https:\/\/www.albergotoscana.net\/territorio\/acquapendente\/#breadcrumb"},"inLanguage":"fr-FR","potentialAction":[{"@type":"ReadAction","target":["https:\/\/www.albergotoscana.net\/territorio\/acquapendente\/"]}]},{"@type":"ImageObject","inLanguage":"fr-FR","@id":"https:\/\/www.albergotoscana.net\/territorio\/acquapendente\/#primaryimage","url":"https:\/\/www.albergotoscana.net\/wp-content\/uploads\/2020\/05\/Comune.jpg","contentUrl":"https:\/\/www.albergotoscana.net\/wp-content\/uploads\/2020\/05\/Comune.jpg","width":1900,"height":1117,"caption":"Comune di Acquapendente"},{"@type":"BreadcrumbList","@id":"https:\/\/www.albergotoscana.net\/territorio\/acquapendente\/#breadcrumb","itemListElement":[{"@type":"ListItem","position":1,"name":"Home","item":"https:\/\/www.albergotoscana.net\/"},{"@type":"ListItem","position":2,"name":"Territorio","item":"https:\/\/www.albergotoscana.net\/territorio\/"},{"@type":"ListItem","position":3,"name":"Acquapendente"}]},{"@type":"WebSite","@id":"https:\/\/www.albergotoscana.net\/#website","url":"https:\/\/www.albergotoscana.net\/","name":"Albergo Toscana \u2022 Ristorante dall&#039;Aldina","description":"Acquapendente (VT)","publisher":{"@id":"https:\/\/www.albergotoscana.net\/#organization"},"potentialAction":[{"@type":"SearchAction","target":{"@type":"EntryPoint","urlTemplate":"https:\/\/www.albergotoscana.net\/?s={search_term_string}"},"query-input":{"@type":"PropertyValueSpecification","valueRequired":true,"valueName":"search_term_string"}}],"inLanguage":"fr-FR"},{"@type":"Organization","@id":"https:\/\/www.albergotoscana.net\/#organization","name":"Albergo Toscana \u2022 Ristorante dall&#039;Aldina","url":"https:\/\/www.albergotoscana.net\/","logo":{"@type":"ImageObject","inLanguage":"fr-FR","@id":"https:\/\/www.albergotoscana.net\/#\/schema\/logo\/image\/","url":"https:\/\/www.albergotoscana.net\/wp-content\/uploads\/2020\/05\/Albergo-Toscana_logo.png","contentUrl":"https:\/\/www.albergotoscana.net\/wp-content\/uploads\/2020\/05\/Albergo-Toscana_logo.png","width":200,"height":136,"caption":"Albergo Toscana \u2022 Ristorante dall&#039;Aldina"},"image":{"@id":"https:\/\/www.albergotoscana.net\/#\/schema\/logo\/image\/"}}]}},"_links":{"self":[{"href":"https:\/\/www.albergotoscana.net\/fr\/wp-json\/wp\/v2\/pages\/288","targetHints":{"allow":["GET"]}}],"collection":[{"href":"https:\/\/www.albergotoscana.net\/fr\/wp-json\/wp\/v2\/pages"}],"about":[{"href":"https:\/\/www.albergotoscana.net\/fr\/wp-json\/wp\/v2\/types\/page"}],"author":[{"embeddable":true,"href":"https:\/\/www.albergotoscana.net\/fr\/wp-json\/wp\/v2\/users\/2"}],"replies":[{"embeddable":true,"href":"https:\/\/www.albergotoscana.net\/fr\/wp-json\/wp\/v2\/comments?post=288"}],"version-history":[{"count":28,"href":"https:\/\/www.albergotoscana.net\/fr\/wp-json\/wp\/v2\/pages\/288\/revisions"}],"predecessor-version":[{"id":773,"href":"https:\/\/www.albergotoscana.net\/fr\/wp-json\/wp\/v2\/pages\/288\/revisions\/773"}],"up":[{"embeddable":true,"href":"https:\/\/www.albergotoscana.net\/fr\/wp-json\/wp\/v2\/pages\/154"}],"wp:featuredmedia":[{"embeddable":true,"href":"https:\/\/www.albergotoscana.net\/fr\/wp-json\/wp\/v2\/media\/202"}],"wp:attachment":[{"href":"https:\/\/www.albergotoscana.net\/fr\/wp-json\/wp\/v2\/media?parent=288"}],"curies":[{"name":"wp","href":"https:\/\/api.w.org\/{rel}","templated":true}]}}